{"id":4549,"date":"2023-06-22T16:48:29","date_gmt":"2023-06-22T15:48:29","guid":{"rendered":"http:\/\/collectifarpis.fr\/index.php\/2018-les-murmures-dananke-copy\/"},"modified":"2026-02-25T16:46:04","modified_gmt":"2026-02-25T15:46:04","slug":"2023-lereveildepomone","status":"publish","type":"page","link":"https:\/\/collectifarpis.fr\/index.php\/spectacle\/2023-lereveildepomone\/","title":{"rendered":"2023 Le R\u00e9veil de Pomone"},"content":{"rendered":"\n<h2 class=\"wp-block-heading\"><strong>Le R\u00e9veil de Pomone&nbsp;<\/strong><\/h2>\n\n\n\n<p>Spectacle immersif et sensoriel, de 6 mois \u00e0 4 ans \u2014\u2014\u2014\u2014\u2014\u2014\u2014\u2014\u2014\u2014\u2014\u2014\u2014\u2014-<\/p>\n\n\n\n<p>Cr\u00e9ation collective, sur une id\u00e9e originale de Kannelle .P et Aur\u00e9lie Cac\u00e9r\u00e8s Mise en Sc\u00e8ne : Kannelle .P et Kilian et l\u2019aUtRe<\/p>\n\n\n\n<p>Sc\u00e9nographie, lumi\u00e8res et interpr\u00e9tation : Kannelle .P<\/p>\n\n\n\n<p>Illustrations et univers graphique : Aur\u00e9lie Cac\u00e9r\u00e8s<\/p>\n\n\n\n<p>Musique et cr\u00e9ations num\u00e9riques : Kilian et l\u2019aUtRe<\/p>\n\n\n\n<p>\u2014\u2014\u2014\u2014\u2013<\/p>\n\n\n\n<figure class=\"wp-block-embed is-type-video is-provider-youtube wp-block-embed-youtube wp-embed-aspect-16-9 wp-has-aspect-ratio\"><div class=\"wp-block-embed__wrapper\">\n<iframe loading=\"lazy\" title=\"Le R\u00e9veil De Pomone - Collectif ARpiS\" width=\"1032\" height=\"581\" src=\"https:\/\/www.youtube.com\/embed\/4LglKoYgzpQ?feature=oembed\" frameborder=\"0\" allow=\"accelerometer; autoplay; clipboard-write; encrypted-media; gyroscope; picture-in-picture; web-share\" referrerpolicy=\"strict-origin-when-cross-origin\" allowfullscreen><\/iframe>\n<\/div><\/figure>\n\n\n\n<p>Bienvenue dans le jardin de Pomone ! Elle ne va pas tarder \u00e0 se r\u00e9veiller, alors prenez vite place dans l\u2019herbe douce sous les fleurs g\u00e9antes qui entourent le grand panier en osier qu\u2019elle habite. Le soleil n\u2019est pas encore lev\u00e9, mais il y a d\u00e9j\u00e0 de la vie \u00e0 observer dans ce monde merveilleux et d\u00e9mesur\u00e9. \u00c7a y est, Pomone se r\u00e9veille. Cette toute petite f\u00e9e du printemps est tr\u00e8s enchant\u00e9e de partager son univers fruit\u00e9, fleuri et chantant. Elle vous fera rencontrer des fleurs musiciennes, des oiseaux valseurs, des insectes gourmands et invitera petits et grands \u00e0 participer \u00e0 ce grand spectacle de la nature. Dans ce jardin fantastique, les enfants comme les parents pourront explorer les odeurs, les objets et les sons au rythme de leurs curiosit\u00e9s. Un spectacle doux et contemplatif, comme un \u00e9crin de po\u00e9sie.<\/p>\n\n\n\n<p><em>Soutien : Espace culturel Roger Hanin de Soustons (40), Le Kontainer de Angresse (40), Fablab l\u2019\u00c9tabli de Soustons (40)<\/em><\/p>\n","protected":false},"excerpt":{"rendered":"<p>Le R\u00e9veil de Pomone&nbsp; Spectacle immersif et sensoriel, de 6 mois \u00e0 4 ans \u2014\u2014\u2014\u2014\u2014\u2014\u2014\u2014\u2014\u2014\u2014\u2014\u2014\u2014- Cr\u00e9ation collective, sur une id\u00e9e originale de Kannelle .P et &hellip;<\/p>\n","protected":false},"author":1,"featured_media":0,"parent":3946,"menu_order":0,"comment_status":"closed","ping_status":"closed","template":"","meta":{"footnotes":""},"class_list":["post-4549","page","type-page","status-publish","hentry"],"_links":{"self":[{"href":"https:\/\/collectifarpis.fr\/index.php\/wp-json\/wp\/v2\/pages\/4549","targetHints":{"allow":["GET"]}}],"collection":[{"href":"https:\/\/collectifarpis.fr\/index.php\/wp-json\/wp\/v2\/pages"}],"about":[{"href":"https:\/\/collectifarpis.fr\/index.php\/wp-json\/wp\/v2\/types\/page"}],"author":[{"embeddable":true,"href":"https:\/\/collectifarpis.fr\/index.php\/wp-json\/wp\/v2\/users\/1"}],"replies":[{"embeddable":true,"href":"https:\/\/collectifarpis.fr\/index.php\/wp-json\/wp\/v2\/comments?post=4549"}],"version-history":[{"count":5,"href":"https:\/\/collectifarpis.fr\/index.php\/wp-json\/wp\/v2\/pages\/4549\/revisions"}],"predecessor-version":[{"id":4747,"href":"https:\/\/collectifarpis.fr\/index.php\/wp-json\/wp\/v2\/pages\/4549\/revisions\/4747"}],"up":[{"embeddable":true,"href":"https:\/\/collectifarpis.fr\/index.php\/wp-json\/wp\/v2\/pages\/3946"}],"wp:attachment":[{"href":"https:\/\/collectifarpis.fr\/index.php\/wp-json\/wp\/v2\/media?parent=4549"}],"curies":[{"name":"wp","href":"https:\/\/api.w.org\/{rel}","templated":true}]}}